{"id":294,"date":"2021-01-20T07:22:48","date_gmt":"2021-01-20T07:22:48","guid":{"rendered":"http:\/\/webtest.irenala.edu.mg\/testRH\/?page_id=294"},"modified":"2026-02-17T14:44:05","modified_gmt":"2026-02-17T14:44:05","slug":"member","status":"publish","type":"page","link":"https:\/\/www.irenala.edu.mg\/EN\/member\/","title":{"rendered":"Members"},"content":{"rendered":"\n<figure class=\"wp-block-table is-style-stripes\">\n<table style=\"width: 100%;margin-left: auto;margin-right: auto\" cellspacing=\"0\" cellpadding=\"0\">\n<tbody>\n    \n<tr>\n\n<\/tr>\n<tr style=\"height: 90px\">\n<td class=\"tdmf\" style=\"height: 90px;width: 45%;color: #575757\"><strong>Ministries<\/strong><\/td>\n<td class=\"tdmf\" style=\"text-align: center;height: 90px;width: 20%\">\n<\/td>\n<td class=\"tdmf\" style=\"height: 90px;width: 7%\">  <\/td>\n<td class=\"tdmf\" style=\"height: 90px;width: 7%\">  <\/td>\n<\/tr>\n\n\n<tr style=\"height: 38px\">\n<td style=\"height: 38px;width: 45%\" valign=\"top\">\n<p style=\"text-align: center\"><strong> Members <\/strong><\/p>\n<\/td>\n<td style=\"height: 38px;width: 20%\" valign=\"top\">\n<p style=\"text-align: center\"><strong> Represented by <\/strong><\/p>\n<\/td>\n<td style=\"height: 38px;width: 7%;margin: 3px\" valign=\"top\">\n<p style=\"text-align: center\"><strong> <\/strong><\/p>\n<\/td>\n<td style=\"height: 38px;width: 7%\" valign=\"top\">\n<p style=\"text-align: center\"><strong> <\/strong><\/p>\n<\/td>\n<\/tr>\n\n<tr style=\"height: 90px\">    \n<td class=\"tdmf\" style=\"text-align: center;height: 90px;width: 45%\"> <a href=\"http:\/\/www.mesupres.gov.mg\" target=\"_blank\">Minist\u00e8re de l\u2019Enseignement Sup\u00e9rieur et de la Recherche Scientifique<\/a> <\/td>\n<td class=\"tdmf\" style=\"text-align: center;height: 90px;width: 20%\">\n<p> <strong>Jaona Harilala ANDRIAMANIRAKA<br><\/strong> <\/p>\n<p>General Secretary<\/p>\n<\/td>\n<td class=\"tdmf\" style=\"height: 90px;width: 7%\"><img loading=\"lazy\" decoding=\"async\" style=\"vertical-align: middle;margin:2px;padding:2px\" title=\"Jaona Harilala ANDRIAMANIRAKA\" src=\"https:\/\/www.irenala.edu.mg\/EN\/wp-content\/uploads\/membres-fondateurs\/photos\/sg_mensup.png\" alt=\"sg_mensup\" width=\"90\" height=\"90\" border=\"0\"> <\/td>\n<td class=\"tdmf\" style=\"height: 90px;width: 7%\"><img loading=\"lazy\" decoding=\"async\" style=\"vertical-align: middle;margin:2px;padding:2px\" title=\"Mesres\" src=\"https:\/\/www.irenala.edu.mg\/EN\/wp-content\/uploads\/membres-fondateurs\/Logos\/logo_mesupres.png\" alt=\"Mesres\" width=\"90\" height=\"90\" border=\"0\"> <\/td>\n<\/tr>\n\n<tr style=\"height: 90px\">\n<td class=\"tdmf\" style=\"text-align: center;height: 90px;width: 45%\"> <a href=\"https:\/\/mndpt.gov.mg\/\" target=\"_blank\" rel=\"alternate noopener\">Minist\u00e8re des Postes, des T\u00e9l\u00e9communications et du D\u00e9veloppement du Num\u00e9rique<\/a> <\/td>\n<td class=\"tdmf\" style=\"text-align: center;height: 90px;width: 20%\">\n<p><strong>Andry Hajaina Rabenja RAKOTOMAHARO<\/strong><\/p>\n<p>Directeur G\u00e9n\u00e9ral du D\u00e9veloppement Num\u00e9rique (DGDN)<br>  <\/p>\n<\/td>\n<td class=\"tdmf\" style=\"height: 90px;width: 7%\"> <img loading=\"lazy\" decoding=\"async\" style=\"vertical-align: middle;margin:2px;padding:2px\" title=\"Tahiriniaina RAJAONARISOA\" src=\"https:\/\/www.irenala.edu.mg\/EN\/wp-content\/uploads\/membres-fondateurs\/photos\/DirMPTDN.jpg\" alt=\"MNDPT\" width=\"90\" height=\"90\" border=\"0\"> <\/td>\n<td class=\"tdmf\" style=\"height: 90px;width: 7%\">  <img loading=\"lazy\" decoding=\"async\" style=\"vertical-align: middle;margin:2px;padding:2px\" title=\"MNDPT\" src=\"https:\/\/www.irenala.edu.mg\/EN\/wp-content\/uploads\/membres-fondateurs\/Logos\/logo_mptdn.jpg\" alt=\"MNDPT\" width=\"90\" height=\"90\" border=\"0\"> <\/td>\n<\/tr>\n\n\n<tr style=\"height: 90px\">\n<td class=\"tdmf\" style=\"height: 90px;width: 45%;color: #575757\"><strong>Members attached to MESupReS<\/strong><\/td>\n<td class=\"tdmf\" style=\"text-align: center;height: 90px;width: 20%\">\n<\/td>\n<td class=\"tdmf\" style=\"height: 90px;width: 7%\">  <\/td>\n<td class=\"tdmf\" style=\"height: 90px;width: 7%\">  <\/td>\n<\/tr>\n\n\n<tr style=\"height: 38px\">\n<td style=\"height: 38px;width: 45%\" valign=\"top\">\n<p style=\"text-align: center\"><strong> Members <\/strong><\/p>\n<\/td>\n<td style=\"height: 38px;width: 20%\" valign=\"top\">\n<p style=\"text-align: center\"><strong> Represented by <\/strong><\/p>\n<\/td>\n<td style=\"height: 38px;width: 7%;margin: 3px\" valign=\"top\">\n<p style=\"text-align: center\"><strong> <\/strong><\/p>\n<\/td>\n<td style=\"height: 38px;width: 7%\" valign=\"top\">\n<p style=\"text-align: center\"><strong>   <\/strong><\/p>\n<\/td>\n<\/tr>\n\n<tr style=\"height: 90px\">\n<td class=\"tdmf\" style=\"text-align: center;height: 90px;width: 45%\"> <a href=\"http:\/\/www.cidst.mg\/\" target=\"_blank\" rel=\"noopener\">Centre d&#8217;Information et de Documentation Scientifique et Technique<\/a>  <\/td>\n<td class=\"tdmf\" style=\"text-align: center;height: 90px;width: 20%\">\n<p><strong>Marcelle Julie RAKOTOARISEDY <\/strong><\/p>\n<p>Director<\/p>\n<\/td>\n<td class=\"tdmf\" style=\"height: 90px;width: 7%\">  <img loading=\"lazy\" decoding=\"async\" style=\"vertical-align: middle;margin:2px;padding:2px\" title=\"Marcelle Julie RAKOTOARISEDY \" src=\"https:\/\/www.irenala.edu.mg\/EN\/wp-content\/uploads\/membres-fondateurs\/photos\/DirCIDST.jpg\" alt=\"Dir_CIDST\" width=\"90\" height=\"90\" border=\"0\"> <\/td>\n<td class=\"tdmf\" style=\"height: 90px;width: 7%\">  <img loading=\"lazy\" decoding=\"async\" style=\"vertical-align: middle;margin:2px;padding:2px\" title=\"Centre d'Information et de Documentation Scientifique et Technique\" src=\"https:\/\/www.irenala.edu.mg\/EN\/wp-content\/uploads\/membres-fondateurs\/Logos\/LogoCIDST.jpg\" alt=\"centre_information_documentation_scientifique_technique\" width=\"90\" height=\"90\" border=\"0\"> <\/td>\n<\/tr>\n<tr style=\"height: 90px\">\n<td class=\"tdmf\" style=\"text-align: center;height: 90px;width: 45%\"> <a title=\"Centre National pour le D\u00e9veloppement Rural \/ FOFIFA\" href=\"http:\/\/www.fofifa.mg\/\" target=\"_blank\"><\/a>Centre National pour le D\u00e9veloppement Rural \/ FOFIFA<\/a> <\/td>\n<td class=\"tdmf\" style=\"text-align: center;height: 90px;width: 20%\">\n<p><strong>Jean Michel LEONG POCK TSY<br> <\/strong><\/p>\n<p> CEO <\/p>\n<p> <\/p>\n<\/td>\n<td class=\"tdmf\" style=\"height: 90px;width: 7%\">  <img loading=\"lazy\" decoding=\"async\" style=\"vertical-align: middle;margin:2px;padding:2px\" title=\"Jean Michel LEONG POCK TSY\" src=\"https:\/\/www.irenala.edu.mg\/EN\/wp-content\/uploads\/membres-adherents\/photos\/dg_fofifa.jpg\" alt=\"dg_fofifa\" width=\"90\" height=\"90\" border=\"0\"> <\/td>\n<td class=\"tdmf\" style=\"height: 90px;width: 7%\">  <img loading=\"lazy\" decoding=\"async\" style=\"vertical-align: middle;margin:2px;padding:2px\" title=\"FOFIFA\" src=\"https:\/\/www.irenala.edu.mg\/EN\/wp-content\/uploads\/membres-adherents\/logos\/logo_fofifa.png\" alt=\"fofifa\" width=\"90\" height=\"90\" border=\"0\"> <\/td>\n<\/tr>\n\n\n<tr style=\"height: 90px\">\n<td class=\"tdmf\" style=\"text-align: center;height: 90px;width: 45%\"><a href=\"http:\/\/cnre.recherches.gov.mg\/\" target=\"_blank\" rel=\"noopener\"> Centre National de Recherche sur l&#8217;Environnement  <\/a><\/td>\n<td class=\"tdmf\" style=\"text-align: center;height: 90px;width: 20%\">\n<p><strong>Yves Jean Michel MONG<br> <\/strong><\/p>\n<p> Director <\/p>\n<\/td>\n<td class=\"tdmf\" style=\"height: 90px;width: 7%\">  <img loading=\"lazy\" decoding=\"async\" style=\"vertical-align: middle;margin:2px;padding:2px\" title=\"Yves Jean Michel MONG\" src=\"https:\/\/www.irenala.edu.mg\/EN\/wp-content\/uploads\/membres-fondateurs\/photos\/DirCNRE.jpg\" alt=\"heriniaina_ramanankierana\" width=\"90\" height=\"90\" border=\"0\"> <\/td>\n<td class=\"tdmf\" style=\"height: 90px;width: 7%\">  <img loading=\"lazy\" decoding=\"async\" style=\"vertical-align: middle;margin:2px;padding:2px\" title=\"Centre National de Recherche sur l'Environnement\" src=\"https:\/\/www.irenala.edu.mg\/EN\/wp-content\/uploads\/membres-fondateurs\/Logos\/LogoCNRE.jpg\" alt=\"centre_national_recherche_environnement\" width=\"90\" height=\"90\" border=\"0\"> <\/td>\n<\/tr>\n\n\n<tr style=\"height: 90px\">\n<td class=\"tdmf\" style=\"text-align: center;height: 90px;width: 45%\"><a href=\"http:\/\/cnrit.recherches.gov.mg\/\" target=\"_blank\" rel=\"alternate noopener\">Centre National de Recherche Industrielle et Technologique  <\/a><\/td>\n<td class=\"tdmf\" style=\"text-align: center;height: 90px;width: 20%\">\n<p><strong>Huchard RANDRIANIRAINY <\/strong><\/p>\n<p> Director <\/p>\n<\/td>\n<td class=\"tdmf\" style=\"height: 90px;width: 7%\">  <img loading=\"lazy\" decoding=\"async\" style=\"vertical-align: middle;margin:2px;padding:2px\" title=\"Huchard RANDRIANIRAINY\" src=\"https:\/\/www.irenala.edu.mg\/EN\/wp-content\/uploads\/membres-fondateurs\/photos\/DirCNRIT.jpg\" alt=\"huchard_paul_berthin_randrianirany\" width=\"90\" height=\"90\" border=\"0\"> <\/td>\n<td class=\"tdmf\" style=\"height: 90px;width: 7%\">  <img loading=\"lazy\" decoding=\"async\" style=\"vertical-align: middle;margin:2px;padding:2px\" title=\"Centre National de Recherche Industrielle et Technologique\" src=\"https:\/\/www.irenala.edu.mg\/EN\/wp-content\/uploads\/membres-fondateurs\/Logos\/LogoCNRIT.jpg\" alt=\"centre_national_recherche_industrielle_technologique\" width=\"90\" height=\"90\" border=\"0\"> <\/td>\n<\/tr>\n\n\n<tr style=\"height: 90px\">\n<td class=\"tdmf\" style=\"text-align: center;height: 90px;width: 45%\"> <a href=\"http:\/\/cnro.recherches.gov.mg\/\" target=\"_blank\" rel=\"alternate noopener\">Centre National de Recherche Oc\u00e9anographique<\/a> <\/td>\n<td class=\"tdmf\" style=\"text-align: center;height: 90px;width: 20%\">\n<p><strong>Am\u00e9lie LANDY SOAMBOLA<\/strong><\/p>\n<p> Director  <\/p>\n<\/td>\n<td class=\"tdmf\" style=\"height: 90px;width: 7%\">  <img loading=\"lazy\" decoding=\"async\" style=\"vertical-align: middle;margin:2px;padding:2px\" title=\"Am\u00e9lie LANDY SOAMBOLA\" src=\"https:\/\/www.irenala.edu.mg\/EN\/wp-content\/uploads\/membres-fondateurs\/photos\/DirCNRO.jpg\" alt=\"amelie_landy_soambola\" width=\"90\" height=\"90\" border=\"0\"> <\/td>\n<td class=\"tdmf\" style=\"height: 90px;width: 7%\">  <img loading=\"lazy\" decoding=\"async\" style=\"vertical-align: middle;margin:2px;padding:2px\" title=\"Centre National de Recherche Oc\u00e9anographique\" src=\"https:\/\/www.irenala.edu.mg\/EN\/wp-content\/uploads\/membres-fondateurs\/Logos\/LogoCNRO.jpg\" alt=\"centre_national_recherche_oceanographique\" width=\"90\" height=\"90\" border=\"0\"> <\/td>\n<\/tr>\n\n\n<tr style=\"height: 90px\">\n<td class=\"tdmf\" style=\"text-align: center;height: 90px;width: 45%\"> <a href=\"http:\/\/www.cntemad.mg\/\" target=\"_blank\" rel=\"noopener\">Centre National de T\u00e9l\u00e9-Enseignement de Madagascar<\/a>  <\/td>\n<td class=\"tdmf\" style=\"text-align: center;height: 90px;width: 20%\">\n<p><strong>Pierre Benjamin RAKOTOMAHENINA<br> <\/strong><\/p>\n<p> Director <\/p>\n<\/td>\n<td class=\"tdmf\" style=\"height: 90px;width: 7%\">  <img loading=\"lazy\" decoding=\"async\" style=\"vertical-align: middle;margin:2px;padding:2px\" title=\"Pierre Benjamin RAKOTOMAHENINA\" src=\"https:\/\/www.irenala.edu.mg\/EN\/wp-content\/uploads\/membres-fondateurs\/photos\/DirCNTEMAD.jpg\" alt=\"Dir_CNTEMAD\" width=\"90\" height=\"90\" border=\"0\"> <\/td>\n<td class=\"tdmf\" style=\"height: 90px;width: 7%\">  <img loading=\"lazy\" decoding=\"async\" style=\"vertical-align: middle;margin:2px;padding:2px\" title=\"Centre National de T\u00e9l\u00e9-Enseignement de Madagascar\" src=\"https:\/\/www.irenala.edu.mg\/EN\/wp-content\/uploads\/membres-fondateurs\/Logos\/logo-cntemad.png\" alt=\"centre_national_tele_enseignement_madagascar\" width=\"90\" height=\"90\" border=\"0\"> <\/td>\n<\/tr>\n\n\n<tr style=\"height: 90px\">\n<td class=\"tdmf\" style=\"text-align: center;height: 90px;width: 45%\"> <a href=\"http:\/\/cnarp.recherches.gov.mg\/\" target=\"_blank\" rel=\"noopener\">Centre National d\u2019Application des Recherches Pharmaceutiques<\/a>  <\/td>\n<td class=\"tdmf\" style=\"text-align: center;height: 90px;width: 20%\">\n<p><strong>Rianasoambolanoro RAKOTOSAONA <\/strong><\/p>\n<p> Director <\/p>\n<\/td>\n<td class=\"tdmf\" style=\"height: 90px;width: 7%\">  <img loading=\"lazy\" decoding=\"async\" style=\"vertical-align: middle;margin:2px;padding:2px\" title=\"Rianasoambolanoro RAKOTOSAONA\" src=\"https:\/\/www.irenala.edu.mg\/EN\/wp-content\/uploads\/membres-fondateurs\/photos\/DirCNARP.jpg\" alt=\"rianasoambolanoro_rakotosaona\" width=\"90\" height=\"90\" border=\"0\"> <\/td>\n<td class=\"tdmf\" style=\"height: 90px;width: 7%\">  <img loading=\"lazy\" decoding=\"async\" style=\"vertical-align: middle;margin:2px;padding:2px\" title=\"Centre National d\u2019Application des Recherches Pharmaceutiques\" src=\"https:\/\/www.irenala.edu.mg\/EN\/wp-content\/uploads\/membres-fondateurs\/Logos\/LogoCNARP.jpg\" alt=\"centre_national_application_recherches_pharmaceutique\" width=\"90\" height=\"90\" border=\"0\"> <\/td>\n<\/tr>\n\n\n\n<tr style=\"height: 90px\">\n<td class=\"tdmf\" style=\"text-align: center;height: 90px;width: 45%\">Centre National d\u2019Enseignement de la Langue Anglaise  <\/td>\n<td class=\"tdmf\" style=\"text-align: center;height: 90px;width: 20%\">\n<p><strong>Zoly Harilala Avotiana RAKOTONIERA <\/strong><\/p>\n<p>Director <\/p>\n<\/td>\n<td class=\"tdmf\" style=\"height: 90px;width: 7%\">  <img loading=\"lazy\" decoding=\"async\" style=\"vertical-align: middle;margin:2px;padding:2px\" title=\"Zoly Harilala Avotiana RAKOTONIERA\" src=\"https:\/\/www.irenala.edu.mg\/EN\/wp-content\/uploads\/membres-fondateurs\/photos\/DirCNELA.jpg\" alt=\"zoly_harilala_avotiana_rakotoniera\" width=\"90\" height=\"90\" border=\"0\">  <\/td>\n<td class=\"tdmf\" style=\"height: 90px;width: 7%\">  <img loading=\"lazy\" decoding=\"async\" style=\"vertical-align: middle;margin:2px;padding:2px\" title=\"Centre National d\u2019Enseignement de la Langue Anglaise\" src=\"https:\/\/www.irenala.edu.mg\/EN\/wp-content\/uploads\/membres-fondateurs\/Logos\/LogoCNELA.png\" alt=\"centre_national_enseignement_de_la_langue_anglaise\" width=\"90\" height=\"90\" border=\"0\"> <\/td>\n<\/tr>\n\n\n<tr style=\"height: 90px\">\n<td class=\"tdmf\" style=\"text-align: center;height: 90px;width: 45%\"><a class=\"caption\" href=\"http:\/\/www.imvavet.mg\/\" target=\"_blank\" rel=\"noopener\">Institut Malgache de Vaccins V\u00e9t\u00e9rinaires  <\/a><\/td>\n<td class=\"tdmf\" style=\"text-align: center;height: 90px;width: 20%\">\n<p><strong>Olivier Fridolin MAMINIAINA <\/strong><\/p>\n<p> Director <\/p>\n<\/td>\n<td class=\"tdmf\" style=\"height: 90px;width: 7%\"><img loading=\"lazy\" decoding=\"async\" style=\"vertical-align: middle;margin:2px;padding:2px\" title=\"Olivier Fridolin MAMINIAINA\" src=\"https:\/\/www.irenala.edu.mg\/EN\/wp-content\/uploads\/membres-fondateurs\/photos\/DirIMVAVET.png\" alt=\"olivier_fridolin_maminiaina\" width=\"90\" height=\"90\" border=\"0\"><\/td>\n<td class=\"tdmf\" style=\"height: 90px;width: 7%\">  <img loading=\"lazy\" decoding=\"async\" style=\"vertical-align: middle;margin:2px;padding:2px\" title=\"Institut Malgache de Vaccins V\u00e9t\u00e9rinaires\" src=\"https:\/\/www.irenala.edu.mg\/EN\/wp-content\/uploads\/membres-fondateurs\/Logos\/LogoIMVAVET.jpg\" alt=\"institu_malgache_vaccins_veterinaires\" width=\"90\" height=\"90\" border=\"0\"> <\/td>\n<\/tr>\n\n\n<tr style=\"height: 90px\">\n<td class=\"tdmf\" style=\"text-align: center;height: 90px;width: 45%\"><a class=\"caption\" href=\"http:\/\/www.univ-antananarivo.mg\/Institut-d-Enseignement-Superieur-de-Soavinandriana-Itasy\" target=\"_blank\" rel=\"noopener\"> Institut D&#8217;Enseignement Sup\u00e9rieur Soavinandriana de Itasy <\/a><\/td>\n<td class=\"tdmf\" style=\"text-align: center;height: 90px;width: 20%\">\n<p><strong>Andrianelison RAKOTOMAHEVITRA <\/strong><\/p>\n<p> Director <\/p>\n<\/td>\n<td class=\"tdmf\" style=\"height: 90px;width: 7%\"> <img loading=\"lazy\" decoding=\"async\" style=\"vertical-align: middle;margin:2px;padding:2px\" title=\"Andrianelison RAKOTOMAHEVITRA\" src=\"https:\/\/www.irenala.edu.mg\/EN\/wp-content\/uploads\/membres-fondateurs\/photos\/dir_iessi.jpg\" alt=\"andrianelison_rakotomahevitra\" width=\"90\" height=\"90\" border=\"0\"> <\/td>\n<td class=\"tdmf\" style=\"height: 90px;width: 7%\">  <img loading=\"lazy\" decoding=\"async\" style=\"vertical-align: middle;margin:2px;padding:2px\" title=\"Institut D'Enseignement Sup\u00e9rieur Soavinandriana de Itasy\" src=\"https:\/\/www.irenala.edu.mg\/EN\/wp-content\/uploads\/membres-fondateurs\/Logos\/logo_iessi.jpg\" alt=\"institut_enseignement_superieur_soavinandriana_itasy\" width=\"90\" height=\"90\" border=\"0\"> <\/td>\n<\/tr>\n\n\n<tr style=\"height: 90px\">\n<td class=\"tdmf\" style=\"text-align: center;height: 90px;width: 45%\"><a class=\"caption\" href=\"http:\/\/instn.recherches.gov.mg\/\" target=\"_blank\" rel=\"noopener\"> Institut National des Sciences et Techniques Nucl\u00e9aires <\/a><\/td>\n<td class=\"tdmf\" style=\"text-align: center;height: 90px;width: 20%\">\n<p><strong>Wilfrid Chrysante SOLOFOARISINA <\/strong><\/p>\n<p> CEO <\/p>\n<\/td>\n<td class=\"tdmf\" style=\"height: 90px;width: 7%\"> <img loading=\"lazy\" decoding=\"async\" style=\"vertical-align: middle;margin:2px;padding:2px\" title=\"Wilfrid Chrysante SOLOFOARISINA\" src=\"https:\/\/www.irenala.edu.mg\/EN\/wp-content\/uploads\/membres-fondateurs\/photos\/DGINSTN.jpg\" alt=\"INSTN\" width=\"90\" height=\"90\" border=\"0\"> <\/td>\n<td class=\"tdmf\" style=\"height: 90px;width: 7%\">  <img loading=\"lazy\" decoding=\"async\" style=\"vertical-align: middle;margin:2px;padding:2px\" title=\"Institut National des Sciences et Techniques Nucl\u00e9aires\" src=\"https:\/\/www.irenala.edu.mg\/EN\/wp-content\/uploads\/membres-fondateurs\/Logos\/LogoINSTN.jpg\" alt=\"institut_national_science_technique_nucleaires\" width=\"90\" height=\"90\" border=\"0\"> <\/td>\n<\/tr>\n\n\n<tr style=\"height: 90px\">\n<td class=\"tdmf\" style=\"text-align: center;height: 90px;width: 45%\"> <a href=\"https:\/\/istambositra.mg\/\" target=\"_blank\" rel=\"alternate noopener\">Institut Sup\u00e9rieur de Technologie d\u2019Ambositra<\/a> <\/td>\n<td class=\"tdmf\" style=\"text-align: center;height: 90px;width: 20%\">\n<p><strong>Hacynicolas Finoana Arizo RANDRIAMANDRATONDRAKOTONIRINA<br> <\/strong><\/p>\n<p> CEO <\/p>\n<\/td>\n<td class=\"tdmf\" style=\"height: 90px;width: 7%\">  <img loading=\"lazy\" decoding=\"async\" style=\"vertical-align: middle;margin:2px;padding:2px\" title=\"Hacynicolas Finoana Arizo RANDRIAMANDRATONDRAKOTONIRINA\" src=\"https:\/\/www.irenala.edu.mg\/EN\/wp-content\/uploads\/membres-fondateurs\/photos\/DGISTA.jpg\" alt=\"hacynicolas_finoana_arizo_randriamandrantodrakotonirina\" width=\"90\" height=\"90\" border=\"0\"> <\/td>\n<td class=\"tdmf\" style=\"height: 90px;width: 7%\">  <img loading=\"lazy\" decoding=\"async\" style=\"vertical-align: middle;margin:2px;padding:2px\" title=\"Institut Sup\u00e9rieur de Technologie d\u2019Ambositra\" src=\"https:\/\/www.irenala.edu.mg\/EN\/wp-content\/uploads\/membres-fondateurs\/Logos\/logoISTRAM.jpg\" alt=\"institut_superieur_technologique_ambositra\" width=\"90\" height=\"90\" border=\"0\"> <\/td>\n<\/tr>\n\n\n<tr style=\"height: 90px\">\n<td class=\"tdmf\" style=\"text-align: center;height: 90px;width: 45%\"> <a href=\"http:\/\/www.ist-tana.mg\/\" target=\"_blank\" rel=\"noopener\">Institut Sup\u00e9rieur de Technologie d\u2019Antananarivo<\/a> <\/td>\n<td class=\"tdmf\" style=\"text-align: center;height: 90px;width: 20%\">\n<p><strong>Luc RAKOTONDRAJAONA <\/strong><\/p>\n<p> CEO <\/p>\n<p> <\/p>\n<\/td>\n<td class=\"tdmf\" style=\"height: 90px;width: 7%\">  <img loading=\"lazy\" decoding=\"async\" style=\"vertical-align: middle;margin:2px;padding:2px\" title=\"Luc RAKOTONDRAJAONA\" src=\"https:\/\/www.irenala.edu.mg\/EN\/wp-content\/uploads\/membres-fondateurs\/photos\/DGISTT.jpg\" alt=\"luc_rakotondrajaona\" width=\"90\" height=\"90\" border=\"0\"> <\/td>\n<td class=\"tdmf\" style=\"height: 90px;width: 7%\">  <img loading=\"lazy\" decoding=\"async\" style=\"vertical-align: middle;margin:2px;padding:2px\" title=\"Institut Sup\u00e9rieur de Technologie d\u2019Antananarivo\" src=\"https:\/\/www.irenala.edu.mg\/EN\/wp-content\/uploads\/membres-fondateurs\/Logos\/logo_ist_mg.gif\" alt=\"institut_superieur_technologique_antananarivo\" width=\"90\" height=\"90\" border=\"0\"> <\/td>\n<\/tr>\n\n\n<tr style=\"height: 90px\">\n<td class=\"tdmf\" style=\"text-align: center;height: 90px;width: 45%\"><a title=\"IST ANTSIRANANA\" href=\"http:\/\/www.ist-antsiranana.mg\/\" target=\"_blank\" rel=\"noopener\"> Institut Sup\u00e9rieur de Technologie d\u2019Antsiranana <\/a><\/td>\n<td class=\"tdmf\" style=\"text-align: center;height: 90px;width: 20%\">\n<p><strong>Eric Jean Roy SAMBATRA<\/strong><\/p>\n<p> CEO <br> <br> <\/p>\n<\/td>\n<td class=\"tdmf\" style=\"height: 90px;width: 7%\">  <img loading=\"lazy\" decoding=\"async\" style=\"vertical-align: middle;margin:2px;padding:2px\" title=\"Eric Jean Roy SAMBATRA\" src=\"https:\/\/www.irenala.edu.mg\/EN\/wp-content\/uploads\/membres-fondateurs\/photos\/DGISTD.jpg\" alt=\"eric_jean_roy_sambatra\" width=\"90\" height=\"90\" border=\"0\"> <\/td>\n<td class=\"tdmf\" style=\"height: 90px;width: 7%\">  <img loading=\"lazy\" decoding=\"async\" style=\"vertical-align: middle;margin:2px;padding:2px\" title=\"Institut Sup\u00e9rieur de Technologie d\u2019Antsiranana\" src=\"https:\/\/www.irenala.edu.mg\/EN\/wp-content\/uploads\/membres-fondateurs\/Logos\/logoistd.jpg\" alt=\"institut_superieur_technologique_antsiranana\" width=\"90\" height=\"90\" border=\"0\"> <\/td>\n<\/tr>\n\n\n<tr style=\"height: 90px\">\n<td class=\"tdmf\" style=\"text-align: center;height: 90px;width: 45%\"> <a href=\"http:\/\/www.laboradioisotopes.mg\/\" target=\"_blank\" rel=\"alternate noopener\"> Laboratoire des Radio Isotopes (LRI) <\/a> <\/td>\n<td class=\"tdmf\" style=\"text-align: center;height: 90px;width: 20%\">\n<p><strong>Tantely RAZAFIMBELO <\/strong><\/p>\n<p> Director <\/p>\n<p> <\/p>\n<\/td>\n<td class=\"tdmf\" style=\"height: 90px;width: 7%\">  <img loading=\"lazy\" decoding=\"async\" style=\"vertical-align: middle;margin:2px;padding:2px\" title=\"Tantely RAZAFIMBELO\" src=\"https:\/\/www.irenala.edu.mg\/EN\/wp-content\/uploads\/membres-adherents\/photos\/Dir_LRI.png\" alt=\"dg_promes\" width=\"90\" height=\"90\" border=\"0\"> <\/td>\n<td class=\"tdmf\" style=\"height: 90px;width: 7%\">  <img loading=\"lazy\" decoding=\"async\" style=\"vertical-align: middle;margin:2px;padding:2px\" title=\"LRI\" src=\"https:\/\/www.irenala.edu.mg\/\/wp-content\/uploads\/membres-adherents\/logos\/logo_lri.png\" alt=\"lri\" width=\"90\" height=\"90\" border=\"0\"> <\/td>\n<\/tr>\n\n\n<tr style=\"height: 90px\">\n<td class=\"tdmf\" style=\"text-align: center;height: 90px;width: 45%\"><a href=\"http:\/\/pbzt.recherches.gov.mg\/\" target=\"_blank\" rel=\"noopener\">Parc Botanique et Zoologique de Tsimbazaza  <\/a><\/td>\n<td class=\"tdmf\" style=\"text-align: center;height: 90px;width: 20%\">\n<p><strong>Rokiman LETSARA <\/strong><\/p>\n<p> Director <\/p>\n<\/td>\n<td class=\"tdmf\" style=\"height: 90px;width: 7%\">   <img loading=\"lazy\" decoding=\"async\" style=\"vertical-align: middle;margin:2px;padding:2px\" title=\"Rokiman LETSARA \" src=\"https:\/\/www.irenala.edu.mg\/EN\/wp-content\/uploads\/membres-fondateurs\/photos\/DirPBZT.jpg\" alt=\"rokiman_letsara\" width=\"90\" height=\"90\" border=\"0\"> <\/td>\n<td class=\"tdmf\" style=\"height: 90px;width: 7%\">  <img loading=\"lazy\" decoding=\"async\" style=\"vertical-align: middle;margin:2px;padding:2px\" title=\"Parc Botanique et Zoologique de Tsimbazaza\" src=\"https:\/\/www.irenala.edu.mg\/EN\/wp-content\/uploads\/membres-fondateurs\/Logos\/logo-PBZT.jpg\" alt=\"parc_botanique_zoologique_tsimbazaza\" width=\"90\" height=\"90\" border=\"0\"> <\/td>\n<\/tr>\n\n\n<tr style=\"height: 90px\">\n<td class=\"tdmf\" style=\"text-align: center;height: 90px;width: 45%\"> <a href=\"http:\/\/www.univ-fianar.mg\/\" target=\"_blank\" rel=\"noopener\">Universit\u00e9 de Fianarantsoa<\/a> <\/td>\n<td class=\"tdmf\" style=\"text-align: center;height: 90px;width: 20%\">\n<p><strong>Aim\u00e9 Richard HAJALALAINA <\/strong><\/p>\n<p>President <\/p>\n<\/td>\n<td class=\"tdmf\" style=\"height: 90px;width: 7%\">  <img loading=\"lazy\" decoding=\"async\" style=\"vertical-align: middle;margin:2px;padding:2px\" title=\"Aim\u00e9 Richard HAJALALAINA\" src=\"https:\/\/www.irenala.edu.mg\/EN\/wp-content\/uploads\/membres-fondateurs\/photos\/PdtFianar.jpg\" alt=\"fontaine_rafamantanantsoa\" width=\"90\" height=\"90\" border=\"0\"> <\/td>\n<td class=\"tdmf\" style=\"height: 90px;width: 7%\">  <img loading=\"lazy\" decoding=\"async\" style=\"vertical-align: middle;margin:2px;padding:2px\" title=\"Universit\u00e9 de Fianarantsoa\" src=\"https:\/\/www.irenala.edu.mg\/EN\/wp-content\/uploads\/membres-fondateurs\/Logos\/uflogo.jpg\" alt=\"universite_fianarantsoa\" width=\"90\" height=\"90\" border=\"0\"> <\/td>\n<\/tr>\n\n\n<tr style=\"height: 90px\">\n<td class=\"tdmf\" style=\"text-align: center;height: 90px;width: 45%\"> <a href=\"http:\/\/www.univ-mahajanga.edu.mg\/\" target=\"_blank\" rel=\"alternate noopener\">Universit\u00e9 de Mahajanga<\/a> <\/td>\n<td class=\"tdmf\" style=\"text-align: center;height: 90px;width: 20%\">\n<p><strong>Blanchard RANDRIANAMBININA <\/strong><\/p>\n<p> President <\/p>\n<\/td>\n<td class=\"tdmf\" style=\"height: 90px;width: 7%\"><img loading=\"lazy\" decoding=\"async\" style=\"vertical-align: middle;margin:2px;padding:2px\" title=\"Blanchard RANDRIANAMBININA\" src=\"https:\/\/www.irenala.edu.mg\/EN\/wp-content\/uploads\/membres-fondateurs\/photos\/PdtMga.jpg\" alt=\"blanchard_randrianambinina\" width=\"90\" height=\"90\" border=\"0\"><\/td>\n<td class=\"tdmf\" style=\"height: 90px;width: 7%\"><img loading=\"lazy\" decoding=\"async\" style=\"vertical-align: middle;margin:2px;padding:2px\" title=\"Universit\u00e9 de Mahajanga\" src=\"https:\/\/www.irenala.edu.mg\/EN\/wp-content\/uploads\/membres-fondateurs\/Logos\/logo-universite-mahajanga_medium.jpg\" alt=\"universite_mahajanga\" width=\"90\" height=\"90\" border=\"0\"> <\/td>\n<\/tr>\n\n\n<tr style=\"height: 90px\">\n<td class=\"tdmf\" style=\"text-align: center;height: 90px;width: 45%\"> <a href=\"http:\/\/www.univ-toamasina.mg\/\" target=\"_blank\" rel=\"noopener\">Universit\u00e9 de Toamasina<\/a> <\/td>\n<td class=\"tdmf\" style=\"text-align: center;height: 90px;width: 20%\">\n<p><strong>Diny RAZANAKOLONA <\/strong><\/p>\n<p> President <\/p>\n<\/td>\n<td class=\"tdmf\" style=\"height: 90px;width: 7%\"><img loading=\"lazy\" decoding=\"async\" style=\"vertical-align: middle;margin:2px;padding:2px\" title=\"Diny RAZANAKOLONA\" src=\"https:\/\/www.irenala.edu.mg\/EN\/wp-content\/uploads\/membres-fondateurs\/photos\/PdtTmv.jpg\" alt=\"diny_razakolona\" width=\"90\" height=\"90\" border=\"0\"><\/td>\n<td class=\"tdmf\" style=\"height: 90px;width: 7%\">  <img loading=\"lazy\" decoding=\"async\" style=\"vertical-align: middle;margin:2px;padding:2px\" title=\"Universit\u00e9 de Toamasina\" src=\"https:\/\/www.irenala.edu.mg\/EN\/wp-content\/uploads\/membres-fondateurs\/Logos\/logoUnivToama.png\" alt=\"universite_toamasina\" width=\"90\" height=\"90\" border=\"0\"> <\/td>\n<\/tr>\n\n\n<tr style=\"height: 90px\">\n<td class=\"tdmf\" style=\"text-align: center;height: 90px;width: 45%\"> <a href=\"http:\/\/www.univ-toliara.mg\/\" target=\"_blank\" rel=\"noopener\">Universit\u00e9 de Tul\u00e9ar<\/a> <\/td>\n<td class=\"tdmf\" style=\"text-align: center;height: 90px;width: 20%\">\n<p><strong>Andriamanantena RAZAFIHARISON <\/strong><\/p>\n<p>President <\/p>\n<\/td>\n<td class=\"tdmf\" style=\"height: 90px;width: 7%\"> <img loading=\"lazy\" decoding=\"async\" style=\"vertical-align: middle;margin:2px;padding:2px\" title=\"Andriamanantena RAZAFIHARISON\" src=\"https:\/\/www.irenala.edu.mg\/EN\/wp-content\/uploads\/membres-fondateurs\/photos\/PdtTul.jpg\" alt=\"andriamanantena_razafiharison \" width=\"90\" height=\"90\" border=\"0\"> <\/td>\n<td class=\"tdmf\" style=\"height: 90px;width: 7%\">  <img loading=\"lazy\" decoding=\"async\" style=\"vertical-align: middle;margin:2px;padding:2px\" title=\"Universit\u00e9 de Tul\u00e9ar\" src=\"https:\/\/www.irenala.edu.mg\/EN\/wp-content\/uploads\/membres-fondateurs\/Logos\/LogoUnivTul.JPG\" alt=\"universite_tulear\" width=\"90\" height=\"90\" border=\"0\"> <\/td>\n<\/tr>\n\n\n<tr style=\"height: 90px\">\n<td class=\"tdmf\" style=\"text-align: center;height: 90px;width: 45%\"> <a href=\"http:\/\/www.univ-antananarivo.mg\/\" target=\"_blank\" rel=\"noopener\">Universit\u00e9 d\u2019Antananarivo<\/a> <\/td>\n<td class=\"tdmf\" style=\"text-align: center;height: 90px;width: 20%\">\n<p><strong>Mamy Raoul RAVELOMANANA <\/strong><\/p>\n<p> President <\/p>\n<\/td>\n<td class=\"tdmf\" style=\"height: 90px;width: 7%\">  <img loading=\"lazy\" decoding=\"async\" style=\"vertical-align: middle;margin:2px;padding:2px\" title=\"Mamy Raoul RAVELOMANANA\" src=\"https:\/\/www.irenala.edu.mg\/EN\/wp-content\/uploads\/membres-fondateurs\/photos\/PdtTana1.jpg\" alt=\"mamy_raoul_ravelomanana\" width=\"90\" height=\"90\" border=\"0\"> <\/td>\n<td class=\"tdmf\" style=\"height: 90px;width: 7%\">  <img loading=\"lazy\" decoding=\"async\" style=\"vertical-align: middle;margin:2px;padding:2px\" src=\"https:\/\/www.irenala.edu.mg\/EN\/wp-content\/uploads\/membres-fondateurs\/Logos\/LogoUnivTana.JPG\" alt=\"\" width=\"90\" height=\"90\" border=\"0\"> <\/td>\n<\/tr>\n\n\n<tr style=\"height: 90px\">\n<td class=\"tdmf\" style=\"text-align: center;height: 90px;width: 45%\"> <a href=\"http:\/\/www.univ-antsiranana.org\/\" target=\"_blank\" rel=\"noopener\">Universit\u00e9 d\u2019Antsiranana<\/a> <\/td>\n<td class=\"tdmf\" style=\"text-align: center;height: 90px;width: 20%\">\n<p><strong>Briant KALL <\/strong><\/p>\n<p> President <\/p>\n<\/td>\n<td class=\"tdmf\" style=\"height: 90px;width: 7%\">  <img loading=\"lazy\" decoding=\"async\" style=\"vertical-align: middle;margin:2px;padding:2px\" title=\"Briant KALL\" src=\"https:\/\/www.irenala.edu.mg\/EN\/wp-content\/uploads\/membres-fondateurs\/photos\/PdtDiego.jpg\" alt=\"briant_kall\" width=\"90\" height=\"90\" border=\"0\"> <\/td>\n<td class=\"tdmf\" style=\"height: 90px;width: 7%\">  <img loading=\"lazy\" decoding=\"async\" style=\"vertical-align: middle;margin:2px;padding:2px\" title=\"Universit\u00e9 d\u2019Antsiranana\" src=\"https:\/\/www.irenala.edu.mg\/EN\/wp-content\/uploads\/membres-fondateurs\/Logos\/LogoUNA.JPG\" alt=\"universite_antsiranana\" width=\"90\" height=\"90\" border=\"0\"> <\/td>\n<\/tr>\n\n<tr style=\"height: 90px\">\n<td class=\"tdmf\" style=\"height: 90px;width: 45%;color: #575757\"><strong>Other members<\/strong><\/td>\n<td class=\"tdmf\" style=\"text-align: center;height: 90px;width: 20%\">\n<\/td>\n<td class=\"tdmf\" style=\"height: 90px;width: 7%\">  <\/td>\n<td class=\"tdmf\" style=\"height: 90px;width: 7%\">  <\/td>\n<\/tr>\n\n<tr style=\"height: 38px\">\n<td style=\"height: 38px;width: 45%\" valign=\"top\">\n<p style=\"text-align: center\"><strong> Members <\/strong><\/p>\n<\/td>\n<td style=\"height: 38px;width: 20%\" valign=\"top\">\n<p style=\"text-align: center\"><strong> Represented by <\/strong><\/p>\n<\/td>\n<td style=\"height: 38px;width: 7%;margin: 3px\" valign=\"top\">\n<p style=\"text-align: center\"><strong> <\/strong><\/p>\n<\/td>\n<td style=\"height: 38px;width: 7%\" valign=\"top\">\n<p style=\"text-align: center\"><strong>   <\/strong><\/p>\n<\/td>\n<\/tr>\n\n<tr style=\"height: 90px\">\n<td class=\"tdmf\" style=\"text-align: center;height: 90px;width: 45%\"> <a href=\"http:\/\/www.auf.org\" target=\"_blank\" rel=\"noopener\">Agence Universitaire de la Francophonie &#8211; Oc\u00e9an Indien (AUF &#8211; OI) <\/a> <\/td>\n<td class=\"tdmf\" style=\"text-align: center;height: 90px;width: 20%\">\n<p><strong> A\u00efda Sy-Wonyu <\/strong><\/p>\n<p> Director <\/p>\n<\/td>\n<td class=\"tdmf\" style=\"height: 90px;width: 7%\">    <img loading=\"lazy\" decoding=\"async\" style=\"vertical-align: middle;margin:2px;padding:2px\" title=\"A\u00efda Sy-Wonyu\" src=\"https:\/\/www.irenala.edu.mg\/\/wp-content\/uploads\/membres-adherents\/photos\/dg_auf.png\" alt=\"dg_auf\" width=\"90\" height=\"90\" border=\"0\">  <\/td>\n<td class=\"tdmf\" style=\"height: 90px;width: 7%\">  <img loading=\"lazy\" decoding=\"async\" style=\"vertical-align: middle;margin:2px;padding:2px\" title=\"Agence Universitaire de la Francophonie\" src=\"https:\/\/www.irenala.edu.mg\/EN\/wp-content\/uploads\/membres-adherents\/logos\/logo_auf_fr.png\" alt=\"AUF\" width=\"90\" height=\"90\" border=\"0\"> <\/td>\n<\/tr>\n\n<tr style=\"height: 90px\">\n<td class=\"tdmf\" style=\"text-align: center;height: 90px;width: 45%\"> <a href=\"http:\/\/madagascar.cirad.fr\/\" target=\"_blank\">Direction G\u00e9n\u00e9rale du CIRAD Madagascar et pays de la COI <\/a> <\/td>\n<td class=\"tdmf\" style=\"text-align: center;height: 90px;width: 20%\">\n<p style=\"text-align: center\"><strong> <span style=\"line-height: 205%\">Jean-Marc BOUVET<br>  <\/strong><\/p>\n<p style=\"text-align: center\"> <span style=\"line-height: 205%\">Director  <\/p>\n<p style=\"text-align: center\"> <\/p>\n<\/td>\n<td class=\"tdmf\" style=\"height: 90px;width: 7%\"> <img loading=\"lazy\" decoding=\"async\" style=\"vertical-align: middle;margin:2px;padding:2px\" title=\"Jean-Marc BOUVET\" src=\"https:\/\/www.irenala.edu.mg\/EN\/wp-content\/uploads\/membres-fondateurs\/photos\/cirad.png\" alt=\"Jean-Marc BOUVET \" width=\"91\" height=\"90\" border=\"0\"> <\/td>\n<td class=\"tdmf\" style=\"height: 90px;width: 7%\"> <img loading=\"lazy\" decoding=\"async\" style=\"vertical-align: middle;margin:2px;padding:2px\" src=\"https:\/\/www.irenala.edu.mg\/EN\/wp-content\/uploads\/membres-partenaires\/logo_cirad.jpg\" alt=\"Logo CIRAD\" width=\"90\" height=\"90\" border=\"0\"> <\/td>\n<\/tr>\n\n<tr style=\"height: 90px\">\n<td class=\"tdmf\" style=\"text-align: center;height: 90px;width: 45%\"> <a title=\"IRD Madagascar\" href=\"http:\/\/www.madagascar.ird.fr\/\" target=\"_blank\" rel=\"noopener\">Institut de Recherche pour le D\u00e9veloppement (IRD) \u00e0 Madagascar<\/a> <\/td>\n<td class=\"tdmf\" style=\"text-align: center;height: 90px;width: 20%\">\n<p><strong>Thierry PORTAFAIX <\/strong><\/p>\n<p> IRD representative in Madagascar <br> <\/p>\n<p> <\/p>\n<\/td>\n<td class=\"tdmf\" style=\"height: 90px;width: 7%\">  <img loading=\"lazy\" decoding=\"async\" style=\"vertical-align: middle;margin:2px;padding:2px\" title=\"Thierry PORTAFAIX\" src=\"https:\/\/www.irenala.edu.mg\/EN\/wp-content\/uploads\/membres-partenaires\/rep_ird.png\" alt=\"Thierry PORTAFAIX\" width=\"90\" height=\"90\" border=\"0\"> <\/td>\n<td class=\"tdmf\" style=\"height: 90px;width: 7%\">  <img loading=\"lazy\" decoding=\"async\" style=\"vertical-align: middle;margin:2px;padding:2px\" src=\"https:\/\/www.irenala.edu.mg\/EN\/wp-content\/uploads\/membres-partenaires\/logo-de-l-ird.jpg\" alt=\"logo-de-l-ird\" width=\"90\" height=\"90\" border=\"0\"> <\/td>\n<\/tr>\n\n<tr style=\"height: 90px\">\n<td class=\"tdmf\" style=\"text-align: center;height: 90px;width: 45%\"> <a title=\"Institut Pasteur\" href=\"http:\/\/www.pasteur.mg\/\" target=\"_blank\" rel=\"noopener\">Institut Pasteur de Madagascar (IPM)<\/a> <\/td>\n<td class=\"tdmf\" style=\"text-align: center;height: 90px;width: 20%\">\n<p><strong>Philippe DUSSART <\/strong><\/p>\n<p> Director <\/p>\n<\/td>\n<td class=\"tdmf\" style=\"height: 90px;width: 7%\">  <img loading=\"lazy\" decoding=\"async\" style=\"vertical-align: middle;margin:2px;padding:2px\" title=\"Philippe DUSSART\" src=\"https:\/\/www.irenala.edu.mg\/EN\/wp-content\/uploads\/membres-adherents\/photos\/dg_ipm.jpg\" alt=\"dg_ipm\" width=\"90\" height=\"90\" border=\"0\"> <\/td>\n<td class=\"tdmf\" style=\"height: 90px;width: 7%\"> <img loading=\"lazy\" decoding=\"async\" style=\"vertical-align: middle;margin:2px;padding:2px\" title=\"Institut Pasteur de Madagascar\" src=\"https:\/\/www.irenala.edu.mg\/\/wp-content\/uploads\/membres-adherents\/logos\/logo_inst_past.png\" alt=\"institut_pasteur\" width=\"90\" height=\"90\" border=\"0\"> <\/td>\n<\/tr>\n\n<tr style=\"height: 90px\">\n<td class=\"tdmf\" style=\"text-align: center;height: 90px;width: 45%\"> <a href=\"http:\/\/www.ucm.mg\/\" target=\"_blank\" rel=\"alternate noopener\"> Universit\u00e9 Catholique de Madagascar (UCM) <\/a> <\/td>\n<td class=\"tdmf\" style=\"text-align: center;height: 90px;width: 20%\"><strong>Marc RAVELONANTOANDRO<br> <\/strong>\n<p>Rector <\/p>\n<\/td>\n<td class=\"tdmf\" style=\"height: 90px;width: 7%\">  <img loading=\"lazy\" decoding=\"async\" style=\"vertical-align: middle;margin:2px;padding:2px\" title=\"Marc RAVELONANTOANDRO\" src=\"https:\/\/www.irenala.edu.mg\/EN\/wp-content\/uploads\/membres-adherents\/photos\/Dir_UCM.jpeg\" alt=\"dir_UCM\" width=\"90\" height=\"90\" border=\"0\"> <\/td>\n<td class=\"tdmf\" style=\"height: 90px;width: 7%\">  <img loading=\"lazy\" decoding=\"async\" style=\"vertical-align: middle;margin:2px;padding:2px\" title=\"UCM\" src=\"https:\/\/www.irenala.edu.mg\/EN\/wp-content\/uploads\/membres-adherents\/logos\/logo_ucm.jpg\" alt=\"lri\" width=\"90\" height=\"90\" border=\"0\"> <\/td>\n<\/tr>\n<\/tbody>\n<\/table> \n<\/figure>\n<p> <\/p>\n\n\n\n<p><\/p>\n","protected":false},"excerpt":{"rendered":"<p>Ministries Members Represented by Minist\u00e8re de l\u2019Enseignement Sup\u00e9rieur et de la Recherche Scientifique Jaona Harilala ANDRIAMANIRAKA General Secretary Minist\u00e8re des Postes, des T\u00e9l\u00e9communications et du D\u00e9veloppement du Num\u00e9rique Andry Hajaina Rabenja RAKOTOMAHARO Directeur G\u00e9n\u00e9ral du D\u00e9veloppement Num\u00e9rique (DGDN) Members attached to MESupReS Members Represented by Centre d&#8217;Information et de Documentation Scientifique et Technique Marcelle Julie [&hellip;]<\/p>\n","protected":false},"author":1,"featured_media":0,"parent":0,"menu_order":0,"comment_status":"closed","ping_status":"closed","template":"","meta":{"footnotes":""},"class_list":["post-294","page","type-page","status-publish","hentry"],"_links":{"self":[{"href":"https:\/\/www.irenala.edu.mg\/EN\/wp-json\/wp\/v2\/pages\/294","targetHints":{"allow":["GET"]}}],"collection":[{"href":"https:\/\/www.irenala.edu.mg\/EN\/wp-json\/wp\/v2\/pages"}],"about":[{"href":"https:\/\/www.irenala.edu.mg\/EN\/wp-json\/wp\/v2\/types\/page"}],"author":[{"embeddable":true,"href":"https:\/\/www.irenala.edu.mg\/EN\/wp-json\/wp\/v2\/users\/1"}],"replies":[{"embeddable":true,"href":"https:\/\/www.irenala.edu.mg\/EN\/wp-json\/wp\/v2\/comments?post=294"}],"version-history":[{"count":98,"href":"https:\/\/www.irenala.edu.mg\/EN\/wp-json\/wp\/v2\/pages\/294\/revisions"}],"predecessor-version":[{"id":1421,"href":"https:\/\/www.irenala.edu.mg\/EN\/wp-json\/wp\/v2\/pages\/294\/revisions\/1421"}],"wp:attachment":[{"href":"https:\/\/www.irenala.edu.mg\/EN\/wp-json\/wp\/v2\/media?parent=294"}],"curies":[{"name":"wp","href":"https:\/\/api.w.org\/{rel}","templated":true}]}}